{"id":2150,"date":"2026-02-21T07:00:00","date_gmt":"2026-02-21T07:00:00","guid":{"rendered":"b5be11aa-4626-4dfd-8f8d-639939fa08e3"},"modified":"2026-02-04T13:03:47","modified_gmt":"2026-02-04T13:03:47","slug":"was-waere-wenn-wir-mutig-sind","status":"publish","type":"podcast","link":"https:\/\/www.sehnseits.de\/?podcast=was-waere-wenn-wir-mutig-sind","title":{"rendered":"Was w\u00e4re, wenn wir mutig sind?"},"content":{"rendered":"\n    \n            <div class=\"podlove-web-player intrinsic-ignore podlove-web-player-loading\" id=\"player-69ee288893ee7\"><root data-test=\"player--xl\" style=\"max-width:950px;min-width:260px;\">\n  <div class=\"tablet:px-6 tablet:pt-6 mobile:px-4 mobile:pt-4 flex flex-col\">\n    <div class=\"flex-col items-center mobile:flex tablet:hidden\">\n      <show-title class=\"text-sm\"><\/show-title>\n      <episode-title class=\"text-base mb-2\"><\/episode-title>\n      <subscribe-button class=\"mb-4 mobile:flex tablet:hidden\"><\/subscribe-button>\n      <poster class=\"rounded-sm w-48 shadow overflow-hidden\"><\/poster>\n      <divider class=\"w-full my-6\"><\/divider>\n    <\/div>\n\n    <div class=\"tablet:flex flex-grow\">\n      <div class=\"w-64 mobile:hidden tablet:block tablet:mr-6\">\n        <poster class=\"rounded-sm shadow overflow-hidden\"><\/poster>\n      <\/div>\n      <div class=\"w-full\">\n        <div class=\"hidden tablet:block\">\n          <show-title class=\"text-base\"><\/show-title>\n          <episode-title class=\"text-xl desktop:text-2xl\"><\/episode-title>\n          <divider class=\"w-full my-4\"><\/divider>\n        <\/div>\n        <div class=\"flex items-center justify-between\">\n          <div class=\"block\">\n            <play-state on=\"active\">\n              <speed-control class=\"flex items-center\"><\/speed-control>\n            <\/play-state>\n          <\/div>\n\n          <div class=\"flex\">\n            <play-state on=\"active\">\n              <chapter-previous class=\"mx-2 block\"><\/chapter-previous>\n            <\/play-state>\n            <play-state on=\"active\">\n              <step-backward class=\"mx-2 block\"><\/step-backward>\n            <\/play-state>\n\n            <play-button class=\"mx-2 block\" :label=\"$t('PLAYER.PLAY_EPISODE')\"><\/play-button>\n\n            <play-state on=\"active\">\n              <step-forward class=\"mx-2 block\"><\/step-forward>\n            <\/play-state>\n            <play-state on=\"active\">\n              <chapter-next class=\"mx-2 block\"><\/chapter-next>\n            <\/play-state>\n          <\/div>\n\n          <div class=\"block\">\n            <play-state on=\"active\">\n              <volume-control class=\"flex items-center\"><\/volume-control>\n            <\/play-state>\n          <\/div>\n        <\/div>\n        <div class=\"flex w-full\">\n          <progress-bar><\/progress-bar>\n        <\/div>\n        <div class=\"flex w-full -mt-2\">\n          <div class=\"w-3\/12 text-left\">\n            <timer-current class=\"text-sm\"><\/timer-current>\n          <\/div>\n          <div class=\"w-6\/12 text-center truncate\">\n            <play-state on=\"active\">\n              <current-chapter class=\"text-sm\"><\/current-chapter>\n            <\/play-state>\n          <\/div>\n          <div class=\"w-3\/12 text-right\">\n            <timer-duration class=\"text-sm\"><\/timer-duration>\n          <\/div>\n        <\/div>\n      <\/div>\n    <\/div>\n    <divider class=\"w-full mt-6 mb-3\"><\/divider>\n    <div class=\"flex justify-between\">\n      <div class=\"flex mobile:w-full tablet:w-3\/12 desktop:w-3\/12 justify-between\">\n        <tab-trigger tab=\"chapters\">\n          <icon type=\"chapter\"><\/icon>\n        <\/tab-trigger>\n        <tab-trigger tab=\"transcripts\">\n          <icon type=\"transcripts\"><\/icon>\n        <\/tab-trigger>\n        <tab-trigger tab=\"files\">\n          <icon type=\"download\"><\/icon>\n        <\/tab-trigger>\n        <tab-trigger tab=\"playlist\">\n          <icon type=\"playlist\"><\/icon>\n        <\/tab-trigger>\n        <tab-trigger tab=\"share\">\n          <icon type=\"share\"><\/icon>\n        <\/tab-trigger>\n      <\/div>\n      <subscribe-button class=\"mt-1 mobile:hidden tablet:flex\"><\/subscribe-button>\n    <\/div>\n  <\/div>\n  <div class=\"w-full relative overflow-hidden\">\n    <tab name=\"chapters\">\n      <tab-chapters><\/tab-chapters>\n    <\/tab>\n    <tab name=\"transcripts\">\n      <tab-transcripts><\/tab-transcripts>\n    <\/tab>\n    <tab name=\"files\">\n      <tab-files><\/tab-files>\n    <\/tab>\n    <tab name=\"playlist\">\n      <tab-playlist><\/tab-playlist>\n    <\/tab>\n    <tab name=\"share\">\n      <tab-share><\/tab-share>\n    <\/tab>\n    <tab-overflow><\/tab-overflow>\n  <\/div>\n  <error><\/error>\n<\/root>\n<\/div>\n            <script>\n              document.addEventListener(\"DOMContentLoaded\", function() {\n                var player = document.getElementById(\"player-69ee288893ee7\");\n                podlovePlayerCache.add([{\"url\":\"https:\\\/\\\/www.sehnseits.de\\\/index.php?rest_route=\\\/podlove-web-player\\\/shortcode\\\/publisher\\\/2150\",\"data\":{\"version\":5,\"show\":{\"title\":\"sehnseits.\",\"subtitle\":\"explore. learn. create.\",\"summary\":\"\",\"poster\":\"\",\"link\":\"https:\\\/\\\/www.sehnseits.de\"},\"title\":\"Was w\\u00e4re, wenn wir mutig sind?\",\"subtitle\":\"ein Gespr\\u00e4ch \\u00fcber Mut in der Klimakrise mit Nils und Nicolai\",\"summary\":\"\",\"publicationDate\":\"2026-02-21T07:00:00+00:00\",\"duration\":\"00:00:00.000\",\"poster\":\"https:\\\/\\\/www.sehnseits.de\\\/index.php?podlove_image_cache_url=68747470733a2f2f7777772e7365686e73656974732e64652f77702d636f6e74656e742f75706c6f6164732f706f6463617374732f2f5761732d77616572652d77656e6e2d7769722d6d757469672d73696e642d6d70332d696d6167652e706e67&podlove_width=500&podlove_height=0&podlove_crop=0&podlove_file_name=was-waere-wenn-wir-mutig-sind\",\"link\":\"https:\\\/\\\/www.sehnseits.de\\\/?podcast=was-waere-wenn-wir-mutig-sind\",\"chapters\":[{\"start\":\"00:00:00.000\",\"title\":\"Intro\",\"href\":\"\",\"image\":\"\"},{\"start\":\"00:00:25.575\",\"title\":\"Buchzusammenfassung\",\"href\":\"\",\"image\":\"\"},{\"start\":\"00:01:50.652\",\"title\":\"Erster Eindruck\",\"href\":\"\",\"image\":\"\"},{\"start\":\"00:05:34.712\",\"title\":\"Emotionalisierung in der Klimadebatte\",\"href\":\"\",\"image\":\"\"},{\"start\":\"00:15:49.367\",\"title\":\"Wie sind wir in die Klimakrise gekommen?\",\"href\":\"\",\"image\":\"\"},{\"start\":\"00:21:21.849\",\"title\":\"Eigenverantwortung und Systemversagen\",\"href\":\"\",\"image\":\"\"},{\"start\":\"00:28:07.950\",\"title\":\"Individuelle Verantwortung\",\"href\":\"\",\"image\":\"\"},{\"start\":\"00:30:17.504\",\"title\":\"Marketing f\\u00fcr Klimaschutz\",\"href\":\"\",\"image\":\"\"},{\"start\":\"00:35:31.529\",\"title\":\"Lesebewertung & Fazit\",\"href\":\"\",\"image\":\"\"},{\"start\":\"00:41:37.863\",\"title\":\"Buch f\\u00fcr den n\\u00e4chsten Monat\",\"href\":\"\",\"image\":\"\"}],\"audio\":[{\"url\":\"https:\\\/\\\/www.sehnseits.de\\\/?download_media_file=16&ptm_source=webplayer&ptm_context=website&ptm_file=podcasts\\\/\\\/Was-waere-wenn-wir-mutig-sind.mp3\",\"size\":\"42307430\",\"title\":\"MP3 Audio (mp3)\",\"mimeType\":\"audio\\\/mpeg\"}],\"files\":[{\"url\":\"https:\\\/\\\/www.sehnseits.de\\\/?download_media_file=16&ptm_source=webplayer&ptm_context=&ptm_file=podcasts\\\/\\\/Was-waere-wenn-wir-mutig-sind.mp3\",\"size\":\"42307430\",\"title\":\"MP3 Audio\",\"mimeType\":\"audio\\\/mpeg\"}],\"contributors\":[]}}, {\"url\":\"https:\\\/\\\/www.sehnseits.de\\\/index.php?rest_route=\\\/podlove-web-player\\\/shortcode\\\/config\\\/default\\\/theme\\\/default\",\"data\":{\"activeTab\":\"chapters\",\"subscribe-button\":null,\"share\":{\"channels\":[\"facebook\",\"twitter\",\"whats-app\",\"linkedin\",\"pinterest\",\"xing\",\"mail\",\"link\"],\"outlet\":\"https:\\\/\\\/www.sehnseits.de\\\/wp-content\\\/plugins\\\/podlove-web-player\\\/web-player\\\/share.html\",\"sharePlaytime\":true},\"related-episodes\":{\"source\":\"disabled\",\"value\":null},\"version\":5,\"theme\":{\"tokens\":{\"brand\":\"#E64415\",\"brandDark\":\"#235973\",\"brandDarkest\":\"#1A3A4A\",\"brandLightest\":\"#E9F1F5\",\"shadeDark\":\"#807E7C\",\"shadeBase\":\"#807E7C\",\"contrast\":\"#000\",\"alt\":\"#fff\"},\"fonts\":{\"ci\":{\"name\":\"ci\",\"family\":[\"-apple-system\",\"BlinkMacSystemFont\",\"Segoe UI\",\"Roboto\",\"Helvetica\",\"Arial\",\"sans-serif\",\"Apple Color Emoji\",\"Segoe UI Emoji\\\", \\\"Segoe UI Symbol\"],\"src\":[],\"weight\":800},\"regular\":{\"name\":\"regular\",\"family\":[\"-apple-system\",\"BlinkMacSystemFont\",\"Segoe UI\",\"Roboto\",\"Helvetica\",\"Arial\",\"sans-serif\",\"Apple Color Emoji\",\"Segoe UI Emoji\\\", \\\"Segoe UI Symbol\"],\"src\":[],\"weight\":300},\"bold\":{\"name\":\"bold\",\"family\":[\"-apple-system\",\"BlinkMacSystemFont\",\"Segoe UI\",\"Roboto\",\"Helvetica\",\"Arial\",\"sans-serif\",\"Apple Color Emoji\",\"Segoe UI Emoji\\\", \\\"Segoe UI Symbol\"],\"src\":[],\"weight\":700}}},\"base\":\"https:\\\/\\\/www.sehnseits.de\\\/wp-content\\\/plugins\\\/podlove-web-player\\\/web-player\\\/\"}}]);\n                podlovePlayer(player, \"https:\/\/www.sehnseits.de\/index.php?rest_route=\/podlove-web-player\/shortcode\/publisher\/2150\", \"https:\/\/www.sehnseits.de\/index.php?rest_route=\/podlove-web-player\/shortcode\/config\/default\/theme\/default\").then(function() {\n                  player && player.classList.remove(\"podlove-web-player-loading\");\n                });\n              });\n            <\/script>\n            <style>\n              .podlove-web-player.podlove-web-player-loading {\n                opacity: 0;\n              }\n            <\/style>\n        \n\n\n    \n\n\t<div class=\"podlove-contributors-cards\">\n\t\t\t<\/div>\n\n\t<style>\n\t\t.podlove-contributors-cards {\n\t\t\tmargin-bottom: 1rem;\n\t\t\tbackground: white;\n\t\t\toverflow: hidden;\n\t\t\tborder-radius: 0.375rem;\n\t\t\tbox-shadow: 0 1px 3px 0 rgba(0, 0, 0, 0.1), 0 1px 2px 0 rgba(0, 0, 0, 0.06);\n\t\t}\n\t\t.podlove-contributors-card {\n\t\t\tdisplay: flex;\n\t\t\talign-items: center;\n\t\t\tpadding: 1rem 1.5rem\n\t\t}\n\t\t.podlove-contributors-card-inner {\n\t\t\tdisplay: flex;\n\t\t\talign-items: center;\n\t\t\tflex: 1 1 0;\n\t\t\tmin-width: 0;\n\t\t}\n\t\t.podlove-contributors-card-avatar {\n\t\t\twidth: 50px;\n\t\t\theight: 50px;\n\t\t\tborder-radius: 0.25rem;\n\t\t\toverflow: hidden;\n\t\t\tflex-shrink: 0;\n\t\t}\n\t\t.podlove-contributors-card-person {\n\t\t\tflex: 1 1 0;\n\t\t\tmin-width: 0;\n\t\t\tpadding: 0 1rem;\n\t\t\tdisplay: grid;\n\t\t\tgrid-template-columns: repeat(2, minmax(0, 1fr));\n\t\t\tgap: 1rem;\n\t\t}\n\t\t.podlove-contributors-card-person-details {\n\t\t\tcolor: #999\n\t\t}\n\t\t.podlove-contributors-card-services {\n\t\t\tflex-wrap: wrap;\n\t\t\tdisplay: flex;\n\t\t\talign-items: center;\n\t\t\talign-content: center;\n\t\t\tjustify-content: flex-end;\n\t\t}\n\t\t.podlove-contributors-card-services-service {\n\t\t\tdisplay: inline-block;\n\t\t\tflex-shrink: 0;\n\t\t\tpadding-left: 0.5rem;\n\t\t\ttext-decoration: none;\n\t\t\tbox-shadow: none;\n\t\t}\n\t<\/style>\n\n\n\n<p><em>Eine Kooperation mit der Fouqu\u00e9-Bibliothek<\/em><\/p>\n\n\n\n<p><br>In dieser Folge von Seitenblick richten wir den Blick auf die Klimakrise \u2013 und auf die Frage, was Mut heute eigentlich bedeutet. Nicolai und Nils sprechen \u00fcber Luisa Neubauers Buch \u201eWas w\u00e4re, wenn wir mutig sind?\u201c und dar\u00fcber, welche Verantwortung bei uns selbst liegt \u2013 und wo politisches und systemisches Versagen beginnt<\/p>\n\n\n\n<p>Nils betont die Rolle von Eigenverantwortung in der Klimakrise, w\u00e4hrend Nicolai im Buch vor allem stark findet, dass konkrete Handlungsm\u00f6glichkeiten aufgezeigt werden, ohne dabei die strukturellen Probleme aus dem Blick zu verlieren. Gemeinsam diskutieren sie, warum es wichtig sein kann, nicht nur Katastrophenszenarien zu zeichnen, sondern so etwas wie \u201eMarketing f\u00fcr eine bessere Zukunft\u201c zu betreiben \u2013 und wie emotionalisiert Klimadebatten eigentlich gef\u00fchrt werden sollten.<\/p>\n\n\n\n<p>H\u00f6rt rein und abonniert die Bonustracks, um die exklusiven Zusatzinhalte von Seitenblick f\u00fcr einen Kaffee im Monat anh\u00f6ren zu k\u00f6nnen.<\/p>\n\n\n\n<p>Die Bonustracks gibt es unter steadyhq.com\/seitenblick<\/p>\n\n\n\n<p>Kontaktiert uns unter:\u2028 <a href=\"mailto:kontakt@sehnseits.de\">kontakt@sehnseits.de<\/a><br>Unterst\u00fctzt sehnseits finanziell \u00fcber \u2028<\/p>\n\n\n\n<p><a href=\"http:\/\/PayPal.me\/sehnseitseV\" data-type=\"link\" data-id=\"PayPal.me\/sehnseitseV\">PayPal.me\/sehnseitseV<\/a><br><br><a href=\"https:\/\/steadyhq.com\/de\/sehnseits-ev\u2028\">https:\/\/steadyhq.com\/de\/sehnseits-ev\u2028<\/a><\/p>\n\n\n\n<p>sehnseits e.V.\u2028<br>DE75 8306 5408 0005 4934 55<\/p>\n\n\n\n<p><\/p>\n","protected":false},"author":1,"featured_media":2152,"template":"","meta":{"give_campaign_id":0,"_vp_format_video_url":"","_vp_image_focal_point":[],"footnotes":""},"categories":[69,84,102,80],"tags":[],"class_list":["post-2150","podcast","type-podcast","status-publish","has-post-thumbnail","hentry","category-nicolai","category-nils","category-podcasts","category-seitenblick","shows-stb","post"],"_links":{"self":[{"href":"https:\/\/www.sehnseits.de\/index.php?rest_route=\/wp\/v2\/episodes\/2150","targetHints":{"allow":["GET"]}}],"collection":[{"href":"https:\/\/www.sehnseits.de\/index.php?rest_route=\/wp\/v2\/episodes"}],"about":[{"href":"https:\/\/www.sehnseits.de\/index.php?rest_route=\/wp\/v2\/types\/podcast"}],"author":[{"embeddable":true,"href":"https:\/\/www.sehnseits.de\/index.php?rest_route=\/wp\/v2\/users\/1"}],"version-history":[{"count":1,"href":"https:\/\/www.sehnseits.de\/index.php?rest_route=\/wp\/v2\/episodes\/2150\/revisions"}],"predecessor-version":[{"id":2153,"href":"https:\/\/www.sehnseits.de\/index.php?rest_route=\/wp\/v2\/episodes\/2150\/revisions\/2153"}],"wp:featuredmedia":[{"embeddable":true,"href":"https:\/\/www.sehnseits.de\/index.php?rest_route=\/wp\/v2\/media\/2152"}],"wp:attachment":[{"href":"https:\/\/www.sehnseits.de\/index.php?rest_route=%2Fwp%2Fv2%2Fmedia&parent=2150"}],"wp:term":[{"taxonomy":"category","embeddable":true,"href":"https:\/\/www.sehnseits.de\/index.php?rest_route=%2Fwp%2Fv2%2Fcategories&post=2150"},{"taxonomy":"post_tag","embeddable":true,"href":"https:\/\/www.sehnseits.de\/index.php?rest_route=%2Fwp%2Fv2%2Ftags&post=2150"}],"curies":[{"name":"wp","href":"https:\/\/api.w.org\/{rel}","templated":true}]}}