{"id":2086,"date":"2025-05-24T07:02:00","date_gmt":"2025-05-24T07:02:00","guid":{"rendered":"a5ade723-e128-49c7-87a7-6a9da42d45f7"},"modified":"2025-05-09T15:10:18","modified_gmt":"2025-05-09T15:10:18","slug":"die-kinderwueste","status":"publish","type":"podcast","link":"https:\/\/www.sehnseits.de\/?podcast=die-kinderwueste","title":{"rendered":"Die Kinderw\u00fcste"},"content":{"rendered":"\n    \n            <div class=\"podlove-web-player intrinsic-ignore podlove-web-player-loading\" id=\"player-69ee282a4c189\"><root data-test=\"player--xl\" style=\"max-width:950px;min-width:260px;\">\n  <div class=\"tablet:px-6 tablet:pt-6 mobile:px-4 mobile:pt-4 flex flex-col\">\n    <div class=\"flex-col items-center mobile:flex tablet:hidden\">\n      <show-title class=\"text-sm\"><\/show-title>\n      <episode-title class=\"text-base mb-2\"><\/episode-title>\n      <subscribe-button class=\"mb-4 mobile:flex tablet:hidden\"><\/subscribe-button>\n      <poster class=\"rounded-sm w-48 shadow overflow-hidden\"><\/poster>\n      <divider class=\"w-full my-6\"><\/divider>\n    <\/div>\n\n    <div class=\"tablet:flex flex-grow\">\n      <div class=\"w-64 mobile:hidden tablet:block tablet:mr-6\">\n        <poster class=\"rounded-sm shadow overflow-hidden\"><\/poster>\n      <\/div>\n      <div class=\"w-full\">\n        <div class=\"hidden tablet:block\">\n          <show-title class=\"text-base\"><\/show-title>\n          <episode-title class=\"text-xl desktop:text-2xl\"><\/episode-title>\n          <divider class=\"w-full my-4\"><\/divider>\n        <\/div>\n        <div class=\"flex items-center justify-between\">\n          <div class=\"block\">\n            <play-state on=\"active\">\n              <speed-control class=\"flex items-center\"><\/speed-control>\n            <\/play-state>\n          <\/div>\n\n          <div class=\"flex\">\n            <play-state on=\"active\">\n              <chapter-previous class=\"mx-2 block\"><\/chapter-previous>\n            <\/play-state>\n            <play-state on=\"active\">\n              <step-backward class=\"mx-2 block\"><\/step-backward>\n            <\/play-state>\n\n            <play-button class=\"mx-2 block\" :label=\"$t('PLAYER.PLAY_EPISODE')\"><\/play-button>\n\n            <play-state on=\"active\">\n              <step-forward class=\"mx-2 block\"><\/step-forward>\n            <\/play-state>\n            <play-state on=\"active\">\n              <chapter-next class=\"mx-2 block\"><\/chapter-next>\n            <\/play-state>\n          <\/div>\n\n          <div class=\"block\">\n            <play-state on=\"active\">\n              <volume-control class=\"flex items-center\"><\/volume-control>\n            <\/play-state>\n          <\/div>\n        <\/div>\n        <div class=\"flex w-full\">\n          <progress-bar><\/progress-bar>\n        <\/div>\n        <div class=\"flex w-full -mt-2\">\n          <div class=\"w-3\/12 text-left\">\n            <timer-current class=\"text-sm\"><\/timer-current>\n          <\/div>\n          <div class=\"w-6\/12 text-center truncate\">\n            <play-state on=\"active\">\n              <current-chapter class=\"text-sm\"><\/current-chapter>\n            <\/play-state>\n          <\/div>\n          <div class=\"w-3\/12 text-right\">\n            <timer-duration class=\"text-sm\"><\/timer-duration>\n          <\/div>\n        <\/div>\n      <\/div>\n    <\/div>\n    <divider class=\"w-full mt-6 mb-3\"><\/divider>\n    <div class=\"flex justify-between\">\n      <div class=\"flex mobile:w-full tablet:w-3\/12 desktop:w-3\/12 justify-between\">\n        <tab-trigger tab=\"chapters\">\n          <icon type=\"chapter\"><\/icon>\n        <\/tab-trigger>\n        <tab-trigger tab=\"transcripts\">\n          <icon type=\"transcripts\"><\/icon>\n        <\/tab-trigger>\n        <tab-trigger tab=\"files\">\n          <icon type=\"download\"><\/icon>\n        <\/tab-trigger>\n        <tab-trigger tab=\"playlist\">\n          <icon type=\"playlist\"><\/icon>\n        <\/tab-trigger>\n        <tab-trigger tab=\"share\">\n          <icon type=\"share\"><\/icon>\n        <\/tab-trigger>\n      <\/div>\n      <subscribe-button class=\"mt-1 mobile:hidden tablet:flex\"><\/subscribe-button>\n    <\/div>\n  <\/div>\n  <div class=\"w-full relative overflow-hidden\">\n    <tab name=\"chapters\">\n      <tab-chapters><\/tab-chapters>\n    <\/tab>\n    <tab name=\"transcripts\">\n      <tab-transcripts><\/tab-transcripts>\n    <\/tab>\n    <tab name=\"files\">\n      <tab-files><\/tab-files>\n    <\/tab>\n    <tab name=\"playlist\">\n      <tab-playlist><\/tab-playlist>\n    <\/tab>\n    <tab name=\"share\">\n      <tab-share><\/tab-share>\n    <\/tab>\n    <tab-overflow><\/tab-overflow>\n  <\/div>\n  <error><\/error>\n<\/root>\n<\/div>\n            <script>\n              document.addEventListener(\"DOMContentLoaded\", function() {\n                var player = document.getElementById(\"player-69ee282a4c189\");\n                podlovePlayerCache.add([{\"url\":\"https:\\\/\\\/www.sehnseits.de\\\/index.php?rest_route=\\\/podlove-web-player\\\/shortcode\\\/publisher\\\/2086\",\"data\":{\"version\":5,\"show\":{\"title\":\"sehnseits.\",\"subtitle\":\"explore. learn. create.\",\"summary\":\"\",\"poster\":\"\",\"link\":\"https:\\\/\\\/www.sehnseits.de\"},\"title\":\"Die Kinderw\\u00fcste\",\"subtitle\":\"Warum bekommen immer weniger Menschen Kinder? Was hat das mit verfehlter Familienpolitik zu tun? Und weshalb f\\u00e4llt es jungen Menschen zunehmend schwer, sich ein Leben mit Kindern vorzustellen?\",\"summary\":\"\",\"publicationDate\":\"2025-05-24T07:02:00+00:00\",\"duration\":\"00:36:28.528\",\"poster\":\"https:\\\/\\\/www.sehnseits.de\\\/index.php?podlove_image_cache_url=68747470733a2f2f7777772e7365686e73656974732e64652f77702d636f6e74656e742f75706c6f6164732f706f6463617374732f2f466f6c67652d342d53656974656e626c69636b2d436f7665722e706e67&podlove_width=500&podlove_height=0&podlove_crop=0&podlove_file_name=die-kinderwueste\",\"link\":\"https:\\\/\\\/www.sehnseits.de\\\/?podcast=die-kinderwueste\",\"chapters\":[{\"start\":\"00:00:00.000\",\"title\":\"Intro\",\"href\":\"\",\"image\":\"\"},{\"start\":\"00:01:00.537\",\"title\":\"Erster Leseeindruck\",\"href\":\"\",\"image\":\"\"},{\"start\":\"00:06:40.168\",\"title\":\"Familien als Unternehmen\",\"href\":\"\",\"image\":\"\"},{\"start\":\"00:13:51.235\",\"title\":\"Unterrepr\\u00e4sentation von Kindern\",\"href\":\"\",\"image\":\"\"},{\"start\":\"00:16:02.680\",\"title\":\"Staatliche Unterst\\u00fctzung f\\u00fcr Familien\",\"href\":\"\",\"image\":\"\"},{\"start\":\"00:20:44.983\",\"title\":\"Kinderwunsch heutzutage\",\"href\":\"\",\"image\":\"\"},{\"start\":\"00:25:54.991\",\"title\":\"Wie viel Geld sollte der Staat pro Kind auszahlen?\",\"href\":\"\",\"image\":\"\"},{\"start\":\"00:35:05.139\",\"title\":\"Outro\",\"href\":\"\",\"image\":\"\"}],\"audio\":[{\"url\":\"https:\\\/\\\/www.sehnseits.de\\\/?download_media_file=11&ptm_source=webplayer&ptm_context=website&ptm_file=2025\\\/05\\\/Folge-4-Kinderwueste.mp3\",\"size\":\"36522070\",\"title\":\"MP3 Audio (mp3)\",\"mimeType\":\"audio\\\/mpeg\"}],\"files\":[{\"url\":\"https:\\\/\\\/www.sehnseits.de\\\/?download_media_file=11&ptm_source=webplayer&ptm_context=&ptm_file=2025\\\/05\\\/Folge-4-Kinderwueste.mp3\",\"size\":\"36522070\",\"title\":\"MP3 Audio\",\"mimeType\":\"audio\\\/mpeg\"}],\"contributors\":[]}}, {\"url\":\"https:\\\/\\\/www.sehnseits.de\\\/index.php?rest_route=\\\/podlove-web-player\\\/shortcode\\\/config\\\/default\\\/theme\\\/default\",\"data\":{\"activeTab\":\"chapters\",\"subscribe-button\":null,\"share\":{\"channels\":[\"facebook\",\"twitter\",\"whats-app\",\"linkedin\",\"pinterest\",\"xing\",\"mail\",\"link\"],\"outlet\":\"https:\\\/\\\/www.sehnseits.de\\\/wp-content\\\/plugins\\\/podlove-web-player\\\/web-player\\\/share.html\",\"sharePlaytime\":true},\"related-episodes\":{\"source\":\"disabled\",\"value\":null},\"version\":5,\"theme\":{\"tokens\":{\"brand\":\"#E64415\",\"brandDark\":\"#235973\",\"brandDarkest\":\"#1A3A4A\",\"brandLightest\":\"#E9F1F5\",\"shadeDark\":\"#807E7C\",\"shadeBase\":\"#807E7C\",\"contrast\":\"#000\",\"alt\":\"#fff\"},\"fonts\":{\"ci\":{\"name\":\"ci\",\"family\":[\"-apple-system\",\"BlinkMacSystemFont\",\"Segoe UI\",\"Roboto\",\"Helvetica\",\"Arial\",\"sans-serif\",\"Apple Color Emoji\",\"Segoe UI Emoji\\\", \\\"Segoe UI Symbol\"],\"src\":[],\"weight\":800},\"regular\":{\"name\":\"regular\",\"family\":[\"-apple-system\",\"BlinkMacSystemFont\",\"Segoe UI\",\"Roboto\",\"Helvetica\",\"Arial\",\"sans-serif\",\"Apple Color Emoji\",\"Segoe UI Emoji\\\", \\\"Segoe UI Symbol\"],\"src\":[],\"weight\":300},\"bold\":{\"name\":\"bold\",\"family\":[\"-apple-system\",\"BlinkMacSystemFont\",\"Segoe UI\",\"Roboto\",\"Helvetica\",\"Arial\",\"sans-serif\",\"Apple Color Emoji\",\"Segoe UI Emoji\\\", \\\"Segoe UI Symbol\"],\"src\":[],\"weight\":700}}},\"base\":\"https:\\\/\\\/www.sehnseits.de\\\/wp-content\\\/plugins\\\/podlove-web-player\\\/web-player\\\/\"}}]);\n                podlovePlayer(player, \"https:\/\/www.sehnseits.de\/index.php?rest_route=\/podlove-web-player\/shortcode\/publisher\/2086\", \"https:\/\/www.sehnseits.de\/index.php?rest_route=\/podlove-web-player\/shortcode\/config\/default\/theme\/default\").then(function() {\n                  player && player.classList.remove(\"podlove-web-player-loading\");\n                });\n              });\n            <\/script>\n            <style>\n              .podlove-web-player.podlove-web-player-loading {\n                opacity: 0;\n              }\n            <\/style>\n        \n\n\n    \n\n\t<div class=\"podlove-contributors-cards\">\n\t\t\t<\/div>\n\n\t<style>\n\t\t.podlove-contributors-cards {\n\t\t\tmargin-bottom: 1rem;\n\t\t\tbackground: white;\n\t\t\toverflow: hidden;\n\t\t\tborder-radius: 0.375rem;\n\t\t\tbox-shadow: 0 1px 3px 0 rgba(0, 0, 0, 0.1), 0 1px 2px 0 rgba(0, 0, 0, 0.06);\n\t\t}\n\t\t.podlove-contributors-card {\n\t\t\tdisplay: flex;\n\t\t\talign-items: center;\n\t\t\tpadding: 1rem 1.5rem\n\t\t}\n\t\t.podlove-contributors-card-inner {\n\t\t\tdisplay: flex;\n\t\t\talign-items: center;\n\t\t\tflex: 1 1 0;\n\t\t\tmin-width: 0;\n\t\t}\n\t\t.podlove-contributors-card-avatar {\n\t\t\twidth: 50px;\n\t\t\theight: 50px;\n\t\t\tborder-radius: 0.25rem;\n\t\t\toverflow: hidden;\n\t\t\tflex-shrink: 0;\n\t\t}\n\t\t.podlove-contributors-card-person {\n\t\t\tflex: 1 1 0;\n\t\t\tmin-width: 0;\n\t\t\tpadding: 0 1rem;\n\t\t\tdisplay: grid;\n\t\t\tgrid-template-columns: repeat(2, minmax(0, 1fr));\n\t\t\tgap: 1rem;\n\t\t}\n\t\t.podlove-contributors-card-person-details {\n\t\t\tcolor: #999\n\t\t}\n\t\t.podlove-contributors-card-services {\n\t\t\tflex-wrap: wrap;\n\t\t\tdisplay: flex;\n\t\t\talign-items: center;\n\t\t\talign-content: center;\n\t\t\tjustify-content: flex-end;\n\t\t}\n\t\t.podlove-contributors-card-services-service {\n\t\t\tdisplay: inline-block;\n\t\t\tflex-shrink: 0;\n\t\t\tpadding-left: 0.5rem;\n\t\t\ttext-decoration: none;\n\t\t\tbox-shadow: none;\n\t\t}\n\t<\/style>\n\n\n\n<p>\ud83c\udf99\ufe0f <strong>Seitenblick \u2013 Folge 4: \u201eDie Kinderw\u00fcste\u201c von Stefan Schulz<\/strong><br>mit <strong>Nicolai Raab<\/strong> &amp; <strong>Nils Behrendt<\/strong><\/p>\n\n\n\n<p>In dieser Folge nehmen wir das Buch <strong>\u201eDie Kinderw\u00fcste\u201c<\/strong> von <strong>Stefan Schulz<\/strong> unter die Lupe. Schulz beschreibt eindr\u00fccklich, wie eine fehlgeleitete Familienpolitik dazu f\u00fchrt, dass immer weniger Menschen Kinder bekommen \u2013 und wie gesellschaftliche und wirtschaftliche Rahmenbedingungen jungen Menschen das Elternwerden zunehmend unvorstellbar machen. Statt auf individuelle Entscheidungen zu schauen, r\u00fcckt er politische Vers\u00e4umnisse ins Zentrum der Analyse.<\/p>\n\n\n\n<p>Wir diskutieren zentrale Thesen des Buches, fragen uns, ob der vielzitierte \u201eWunsch nach Vereinbarkeit\u201c mehr Mythos als Realit\u00e4t ist \u2013 und welche strukturellen Ver\u00e4nderungen n\u00f6tig w\u00e4ren, um Kinder nicht l\u00e4nger zum Luxusgut zu machen.<\/p>\n\n\n\n<p>\ud83d\udc76 In den <strong>Bonustracks<\/strong> erz\u00e4hlt <strong>Nicolai Raab<\/strong> ganz pers\u00f6nlich von seiner eigenen Erfahrung: Vater werden im Studium \u2013 zwischen \u00dcberforderung, Selbstzweifeln und echter N\u00e4he. Gemeinsam sprechen wir dar\u00fcber, wie sich der Kinderwunsch ver\u00e4ndert, wann ein guter Zeitpunkt f\u00fcr ein Kind sein kann \u2013 und warum es manchmal keinen perfekten Moment gibt.<\/p>\n\n\n\n<p>Die Bonustracks gibt es unter steadyhq.com\/seitenblick<\/p>\n\n\n\n<p>Kontaktiert uns unter:<br>kontakt@sehnseits.de<\/p>\n\n\n\n<p>Unterst\u00fctzt sehnseits finanziell \u00fcber<br>PayPal.me\/sehnseitseV\u2028https:\/\/steadyhq.com\/de\/sehnseits-ev<br>sehnseits e.V.<br>DE75 8306 5408 0005 4934 55<\/p>\n","protected":false},"author":1,"featured_media":2087,"template":"","meta":{"give_campaign_id":0,"_vp_format_video_url":"","_vp_image_focal_point":[],"footnotes":""},"categories":[69,84,102,80],"tags":[],"class_list":["post-2086","podcast","type-podcast","status-publish","has-post-thumbnail","hentry","category-nicolai","category-nils","category-podcasts","category-seitenblick","shows-stb","post"],"_links":{"self":[{"href":"https:\/\/www.sehnseits.de\/index.php?rest_route=\/wp\/v2\/episodes\/2086","targetHints":{"allow":["GET"]}}],"collection":[{"href":"https:\/\/www.sehnseits.de\/index.php?rest_route=\/wp\/v2\/episodes"}],"about":[{"href":"https:\/\/www.sehnseits.de\/index.php?rest_route=\/wp\/v2\/types\/podcast"}],"author":[{"embeddable":true,"href":"https:\/\/www.sehnseits.de\/index.php?rest_route=\/wp\/v2\/users\/1"}],"version-history":[{"count":1,"href":"https:\/\/www.sehnseits.de\/index.php?rest_route=\/wp\/v2\/episodes\/2086\/revisions"}],"predecessor-version":[{"id":2091,"href":"https:\/\/www.sehnseits.de\/index.php?rest_route=\/wp\/v2\/episodes\/2086\/revisions\/2091"}],"wp:featuredmedia":[{"embeddable":true,"href":"https:\/\/www.sehnseits.de\/index.php?rest_route=\/wp\/v2\/media\/2087"}],"wp:attachment":[{"href":"https:\/\/www.sehnseits.de\/index.php?rest_route=%2Fwp%2Fv2%2Fmedia&parent=2086"}],"wp:term":[{"taxonomy":"category","embeddable":true,"href":"https:\/\/www.sehnseits.de\/index.php?rest_route=%2Fwp%2Fv2%2Fcategories&post=2086"},{"taxonomy":"post_tag","embeddable":true,"href":"https:\/\/www.sehnseits.de\/index.php?rest_route=%2Fwp%2Fv2%2Ftags&post=2086"}],"curies":[{"name":"wp","href":"https:\/\/api.w.org\/{rel}","templated":true}]}}