{"id":1617,"date":"2025-02-22T05:00:00","date_gmt":"2025-02-22T05:00:00","guid":{"rendered":"82a9adbd-78de-4ad5-a0a3-e88929acd33b"},"modified":"2025-02-27T09:51:01","modified_gmt":"2025-02-27T09:51:01","slug":"freiheitsschock","status":"publish","type":"podcast","link":"https:\/\/www.sehnseits.de\/?podcast=freiheitsschock","title":{"rendered":"Freiheitsschock"},"content":{"rendered":"\n    \n            <div class=\"podlove-web-player intrinsic-ignore podlove-web-player-loading\" id=\"player-69ee3e0958484\"><root data-test=\"player--xl\" style=\"max-width:950px;min-width:260px;\">\n  <div class=\"tablet:px-6 tablet:pt-6 mobile:px-4 mobile:pt-4 flex flex-col\">\n    <div class=\"flex-col items-center mobile:flex tablet:hidden\">\n      <show-title class=\"text-sm\"><\/show-title>\n      <episode-title class=\"text-base mb-2\"><\/episode-title>\n      <subscribe-button class=\"mb-4 mobile:flex tablet:hidden\"><\/subscribe-button>\n      <poster class=\"rounded-sm w-48 shadow overflow-hidden\"><\/poster>\n      <divider class=\"w-full my-6\"><\/divider>\n    <\/div>\n\n    <div class=\"tablet:flex flex-grow\">\n      <div class=\"w-64 mobile:hidden tablet:block tablet:mr-6\">\n        <poster class=\"rounded-sm shadow overflow-hidden\"><\/poster>\n      <\/div>\n      <div class=\"w-full\">\n        <div class=\"hidden tablet:block\">\n          <show-title class=\"text-base\"><\/show-title>\n          <episode-title class=\"text-xl desktop:text-2xl\"><\/episode-title>\n          <divider class=\"w-full my-4\"><\/divider>\n        <\/div>\n        <div class=\"flex items-center justify-between\">\n          <div class=\"block\">\n            <play-state on=\"active\">\n              <speed-control class=\"flex items-center\"><\/speed-control>\n            <\/play-state>\n          <\/div>\n\n          <div class=\"flex\">\n            <play-state on=\"active\">\n              <chapter-previous class=\"mx-2 block\"><\/chapter-previous>\n            <\/play-state>\n            <play-state on=\"active\">\n              <step-backward class=\"mx-2 block\"><\/step-backward>\n            <\/play-state>\n\n            <play-button class=\"mx-2 block\" :label=\"$t('PLAYER.PLAY_EPISODE')\"><\/play-button>\n\n            <play-state on=\"active\">\n              <step-forward class=\"mx-2 block\"><\/step-forward>\n            <\/play-state>\n            <play-state on=\"active\">\n              <chapter-next class=\"mx-2 block\"><\/chapter-next>\n            <\/play-state>\n          <\/div>\n\n          <div class=\"block\">\n            <play-state on=\"active\">\n              <volume-control class=\"flex items-center\"><\/volume-control>\n            <\/play-state>\n          <\/div>\n        <\/div>\n        <div class=\"flex w-full\">\n          <progress-bar><\/progress-bar>\n        <\/div>\n        <div class=\"flex w-full -mt-2\">\n          <div class=\"w-3\/12 text-left\">\n            <timer-current class=\"text-sm\"><\/timer-current>\n          <\/div>\n          <div class=\"w-6\/12 text-center truncate\">\n            <play-state on=\"active\">\n              <current-chapter class=\"text-sm\"><\/current-chapter>\n            <\/play-state>\n          <\/div>\n          <div class=\"w-3\/12 text-right\">\n            <timer-duration class=\"text-sm\"><\/timer-duration>\n          <\/div>\n        <\/div>\n      <\/div>\n    <\/div>\n    <divider class=\"w-full mt-6 mb-3\"><\/divider>\n    <div class=\"flex justify-between\">\n      <div class=\"flex mobile:w-full tablet:w-3\/12 desktop:w-3\/12 justify-between\">\n        <tab-trigger tab=\"chapters\">\n          <icon type=\"chapter\"><\/icon>\n        <\/tab-trigger>\n        <tab-trigger tab=\"transcripts\">\n          <icon type=\"transcripts\"><\/icon>\n        <\/tab-trigger>\n        <tab-trigger tab=\"files\">\n          <icon type=\"download\"><\/icon>\n        <\/tab-trigger>\n        <tab-trigger tab=\"playlist\">\n          <icon type=\"playlist\"><\/icon>\n        <\/tab-trigger>\n        <tab-trigger tab=\"share\">\n          <icon type=\"share\"><\/icon>\n        <\/tab-trigger>\n      <\/div>\n      <subscribe-button class=\"mt-1 mobile:hidden tablet:flex\"><\/subscribe-button>\n    <\/div>\n  <\/div>\n  <div class=\"w-full relative overflow-hidden\">\n    <tab name=\"chapters\">\n      <tab-chapters><\/tab-chapters>\n    <\/tab>\n    <tab name=\"transcripts\">\n      <tab-transcripts><\/tab-transcripts>\n    <\/tab>\n    <tab name=\"files\">\n      <tab-files><\/tab-files>\n    <\/tab>\n    <tab name=\"playlist\">\n      <tab-playlist><\/tab-playlist>\n    <\/tab>\n    <tab name=\"share\">\n      <tab-share><\/tab-share>\n    <\/tab>\n    <tab-overflow><\/tab-overflow>\n  <\/div>\n  <error><\/error>\n<\/root>\n<\/div>\n            <script>\n              document.addEventListener(\"DOMContentLoaded\", function() {\n                var player = document.getElementById(\"player-69ee3e0958484\");\n                podlovePlayerCache.add([{\"url\":\"https:\\\/\\\/www.sehnseits.de\\\/index.php?rest_route=\\\/podlove-web-player\\\/shortcode\\\/publisher\\\/1617\",\"data\":{\"version\":5,\"show\":{\"title\":\"sehnseits.\",\"subtitle\":\"explore. learn. create.\",\"summary\":\"\",\"poster\":\"\",\"link\":\"https:\\\/\\\/www.sehnseits.de\"},\"title\":\"Freiheitsschock\",\"subtitle\":\"\",\"summary\":\"In dieser Episode von Seitenblick tauchen Nicolai Raab und Nils Behrendt in Ilko-Sascha Kowalczuks Buch Freiheitsschock: Eine andere Geschichte Ostdeutschlands von 1989 bis heute ein. Gemeinsam erkunden sie, wie die deutsche Wiedervereinigung aus unterschiedlichen Perspektiven erlebt wurde. Nils bringt pers\\u00f6nliche Gespr\\u00e4che mit ehemaligen DDR-B\\u00fcrgern ein, die von ihren Erfahrungen und Herausforderungen im \\u00dcbergang zur neuen Freiheit erz\\u00e4hlen. Nicolai erg\\u00e4nzt die Diskussion mit spannenden Einblicken aus der Sicht verschiedener ostdeutscher Autoren, die sich mit dem Thema auseinandergesetzt haben. Die Episode wird besonders durch die pers\\u00f6nliche Dynamik der beiden Hosts: W\\u00e4hrend Nicolai im Westen aufwuchs, hat Nils den Wandel des Ostens hautnah miterlebt. Ein emotionaler und aufschlussreicher Dialog \\u00fcber Freiheit, Identit\\u00e4t und die langen Schatten der Geschichte.\",\"publicationDate\":\"2025-02-22T05:00:00+00:00\",\"duration\":\"00:31:16.593\",\"poster\":\"https:\\\/\\\/www.sehnseits.de\\\/index.php?podlove_image_cache_url=68747470733a2f2f7777772e7365686e73656974732e64652f77702d636f6e74656e742f75706c6f6164732f323032352f30322f30433736303233342d383446442d344644302d413337372d4237433939323332423245312d312d7363616c65642e6a706567&podlove_width=500&podlove_height=0&podlove_crop=0&podlove_file_name=freiheitsschock\",\"link\":\"https:\\\/\\\/www.sehnseits.de\\\/?podcast=freiheitsschock\",\"chapters\":[{\"start\":\"00:00:00.000\",\"title\":\"Begr\\u00fc\\u00dfung\",\"href\":\"\",\"image\":\"\"},{\"start\":\"00:00:24.993\",\"title\":\"Buch des Monats\",\"href\":\"\",\"image\":\"\"},{\"start\":\"00:01:59.068\",\"title\":\"Pers\\u00f6nlicher Bezug zum Thema \\\"Ostdeutschland\\\"\",\"href\":\"\",\"image\":\"\"},{\"start\":\"00:03:17.596\",\"title\":\"Worum geht es in dem Buch ?\",\"href\":\"\",\"image\":\"\"},{\"start\":\"00:06:47.258\",\"title\":\"Freiheitsbegriff von Kowalczuk\",\"href\":\"\",\"image\":\"\"},{\"start\":\"00:07:41.674\",\"title\":\"Freiheit in der DDR\",\"href\":\"\",\"image\":\"\"},{\"start\":\"00:11:24.783\",\"title\":\"Freiheitsschock als Streitschrift\",\"href\":\"\",\"image\":\"\"},{\"start\":\"00:14:22.542\",\"title\":\"Erfahrungen in der DDR\",\"href\":\"\",\"image\":\"\"},{\"start\":\"00:17:56.033\",\"title\":\"Nachwendeerfahrungen\",\"href\":\"\",\"image\":\"\"},{\"start\":\"00:25:41.307\",\"title\":\"Was nehmen wir aus dem Buch mit?\",\"href\":\"\",\"image\":\"\"},{\"start\":\"00:30:32.430\",\"title\":\"Das n\\u00e4chste Buch\",\"href\":\"\",\"image\":\"\"}],\"audio\":[{\"url\":\"https:\\\/\\\/www.sehnseits.de\\\/?download_media_file=3&ptm_source=webplayer&ptm_context=website&ptm_file=2025\\\/02\\\/Seitenblick-Folge-1.mp3\",\"size\":\"30277792\",\"title\":\"MP3 Audio (mp3)\",\"mimeType\":\"audio\\\/mpeg\"}],\"files\":[{\"url\":\"https:\\\/\\\/www.sehnseits.de\\\/?download_media_file=3&ptm_source=webplayer&ptm_context=&ptm_file=2025\\\/02\\\/Seitenblick-Folge-1.mp3\",\"size\":\"30277792\",\"title\":\"MP3 Audio\",\"mimeType\":\"audio\\\/mpeg\"}],\"contributors\":[]}}, {\"url\":\"https:\\\/\\\/www.sehnseits.de\\\/index.php?rest_route=\\\/podlove-web-player\\\/shortcode\\\/config\\\/default\\\/theme\\\/default\",\"data\":{\"activeTab\":\"chapters\",\"subscribe-button\":null,\"share\":{\"channels\":[\"facebook\",\"twitter\",\"whats-app\",\"linkedin\",\"pinterest\",\"xing\",\"mail\",\"link\"],\"outlet\":\"https:\\\/\\\/www.sehnseits.de\\\/wp-content\\\/plugins\\\/podlove-web-player\\\/web-player\\\/share.html\",\"sharePlaytime\":true},\"related-episodes\":{\"source\":\"disabled\",\"value\":null},\"version\":5,\"theme\":{\"tokens\":{\"brand\":\"#E64415\",\"brandDark\":\"#235973\",\"brandDarkest\":\"#1A3A4A\",\"brandLightest\":\"#E9F1F5\",\"shadeDark\":\"#807E7C\",\"shadeBase\":\"#807E7C\",\"contrast\":\"#000\",\"alt\":\"#fff\"},\"fonts\":{\"ci\":{\"name\":\"ci\",\"family\":[\"-apple-system\",\"BlinkMacSystemFont\",\"Segoe UI\",\"Roboto\",\"Helvetica\",\"Arial\",\"sans-serif\",\"Apple Color Emoji\",\"Segoe UI Emoji\\\", \\\"Segoe UI Symbol\"],\"src\":[],\"weight\":800},\"regular\":{\"name\":\"regular\",\"family\":[\"-apple-system\",\"BlinkMacSystemFont\",\"Segoe UI\",\"Roboto\",\"Helvetica\",\"Arial\",\"sans-serif\",\"Apple Color Emoji\",\"Segoe UI Emoji\\\", \\\"Segoe UI Symbol\"],\"src\":[],\"weight\":300},\"bold\":{\"name\":\"bold\",\"family\":[\"-apple-system\",\"BlinkMacSystemFont\",\"Segoe UI\",\"Roboto\",\"Helvetica\",\"Arial\",\"sans-serif\",\"Apple Color Emoji\",\"Segoe UI Emoji\\\", \\\"Segoe UI Symbol\"],\"src\":[],\"weight\":700}}},\"base\":\"https:\\\/\\\/www.sehnseits.de\\\/wp-content\\\/plugins\\\/podlove-web-player\\\/web-player\\\/\"}}]);\n                podlovePlayer(player, \"https:\/\/www.sehnseits.de\/index.php?rest_route=\/podlove-web-player\/shortcode\/publisher\/1617\", \"https:\/\/www.sehnseits.de\/index.php?rest_route=\/podlove-web-player\/shortcode\/config\/default\/theme\/default\").then(function() {\n                  player && player.classList.remove(\"podlove-web-player-loading\");\n                });\n              });\n            <\/script>\n            <style>\n              .podlove-web-player.podlove-web-player-loading {\n                opacity: 0;\n              }\n            <\/style>\n        \n\n\n    \n\n\t<div class=\"podlove-contributors-cards\">\n\t\t\t<\/div>\n\n\t<style>\n\t\t.podlove-contributors-cards {\n\t\t\tmargin-bottom: 1rem;\n\t\t\tbackground: white;\n\t\t\toverflow: hidden;\n\t\t\tborder-radius: 0.375rem;\n\t\t\tbox-shadow: 0 1px 3px 0 rgba(0, 0, 0, 0.1), 0 1px 2px 0 rgba(0, 0, 0, 0.06);\n\t\t}\n\t\t.podlove-contributors-card {\n\t\t\tdisplay: flex;\n\t\t\talign-items: center;\n\t\t\tpadding: 1rem 1.5rem\n\t\t}\n\t\t.podlove-contributors-card-inner {\n\t\t\tdisplay: flex;\n\t\t\talign-items: center;\n\t\t\tflex: 1 1 0;\n\t\t\tmin-width: 0;\n\t\t}\n\t\t.podlove-contributors-card-avatar {\n\t\t\twidth: 50px;\n\t\t\theight: 50px;\n\t\t\tborder-radius: 0.25rem;\n\t\t\toverflow: hidden;\n\t\t\tflex-shrink: 0;\n\t\t}\n\t\t.podlove-contributors-card-person {\n\t\t\tflex: 1 1 0;\n\t\t\tmin-width: 0;\n\t\t\tpadding: 0 1rem;\n\t\t\tdisplay: grid;\n\t\t\tgrid-template-columns: repeat(2, minmax(0, 1fr));\n\t\t\tgap: 1rem;\n\t\t}\n\t\t.podlove-contributors-card-person-details {\n\t\t\tcolor: #999\n\t\t}\n\t\t.podlove-contributors-card-services {\n\t\t\tflex-wrap: wrap;\n\t\t\tdisplay: flex;\n\t\t\talign-items: center;\n\t\t\talign-content: center;\n\t\t\tjustify-content: flex-end;\n\t\t}\n\t\t.podlove-contributors-card-services-service {\n\t\t\tdisplay: inline-block;\n\t\t\tflex-shrink: 0;\n\t\t\tpadding-left: 0.5rem;\n\t\t\ttext-decoration: none;\n\t\t\tbox-shadow: none;\n\t\t}\n\t<\/style>\n\n\n\n<p><em>ein Kooperationsprojekt mit der <a href=\"https:\/\/sb-brandenburg.lmscloud.net\/\">Fouqu\u00e9-Bibliothek<\/a> in Brandenburg an der Havel<\/em><\/p>\n\n\n\n<p>In dieser Episode von <em>Seitenblick<\/em> tauchen Nicolai Raab und Nils Behrendt in Ilko-Sascha Kowalczuks Buch <em>Freiheitsschock: Eine andere Geschichte Ostdeutschlands von 1989 bis heute<\/em> ein. Gemeinsam erkunden sie, wie die deutsche Wiedervereinigung aus unterschiedlichen Perspektiven erlebt wurde. Nils bringt pers\u00f6nliche Gespr\u00e4che mit ehemaligen DDR-B\u00fcrgern ein, die von ihren Erfahrungen und Herausforderungen im \u00dcbergang zur neuen Freiheit erz\u00e4hlen. Nicolai erg\u00e4nzt die Diskussion mit spannenden Einblicken aus der Sicht verschiedener ostdeutscher Autoren, die sich mit dem Thema auseinandergesetzt haben. Die Episode wird besonders durch die pers\u00f6nliche Dynamik der beiden Hosts: W\u00e4hrend Nicolai im Westen aufwuchs, hat Nils den Wandel des Ostens hautnah miterlebt. Ein emotionaler und aufschlussreicher Dialog \u00fcber Freiheit, Identit\u00e4t und die langen Schatten der Geschichte.<\/p>\n\n\n\n<p>Die erw\u00e4hnten B\u00fccher gibt es hier zum ausleihen in der Bibliothek:<br><a href=\"https:\/\/sb-brandenburg.lmscloud.net\/cgi-bin\/koha\/opac-detail.pl?biblionumber=371132\">Freiheitsschock : eine andere Geschichte Ostdeutschlands von 1989 bis heute<\/a><br><a href=\"https:\/\/sb-brandenburg.lmscloud.net\/cgi-bin\/koha\/opac-detail.pl?biblionumber=356252\">Der Osten: eine westdeutsche Erfindung <\/a><br><a href=\"https:\/\/sb-brandenburg.lmscloud.net\/cgi-bin\/koha\/opac-detail.pl?biblionumber=285893&amp;query_desc=jana%20hensel\">Wer wir sind : die Erfahrung, ostdeutsch zu sein<\/a><br><br><br><\/p>\n","protected":false},"author":1,"featured_media":1733,"template":"","meta":{"give_campaign_id":0,"_vp_format_video_url":"","_vp_image_focal_point":[],"footnotes":""},"categories":[80],"tags":[],"class_list":["post-1617","podcast","type-podcast","status-publish","has-post-thumbnail","hentry","category-seitenblick","shows-stb","post"],"_links":{"self":[{"href":"https:\/\/www.sehnseits.de\/index.php?rest_route=\/wp\/v2\/episodes\/1617","targetHints":{"allow":["GET"]}}],"collection":[{"href":"https:\/\/www.sehnseits.de\/index.php?rest_route=\/wp\/v2\/episodes"}],"about":[{"href":"https:\/\/www.sehnseits.de\/index.php?rest_route=\/wp\/v2\/types\/podcast"}],"author":[{"embeddable":true,"href":"https:\/\/www.sehnseits.de\/index.php?rest_route=\/wp\/v2\/users\/1"}],"version-history":[{"count":5,"href":"https:\/\/www.sehnseits.de\/index.php?rest_route=\/wp\/v2\/episodes\/1617\/revisions"}],"predecessor-version":[{"id":1634,"href":"https:\/\/www.sehnseits.de\/index.php?rest_route=\/wp\/v2\/episodes\/1617\/revisions\/1634"}],"wp:featuredmedia":[{"embeddable":true,"href":"https:\/\/www.sehnseits.de\/index.php?rest_route=\/wp\/v2\/media\/1733"}],"wp:attachment":[{"href":"https:\/\/www.sehnseits.de\/index.php?rest_route=%2Fwp%2Fv2%2Fmedia&parent=1617"}],"wp:term":[{"taxonomy":"category","embeddable":true,"href":"https:\/\/www.sehnseits.de\/index.php?rest_route=%2Fwp%2Fv2%2Fcategories&post=1617"},{"taxonomy":"post_tag","embeddable":true,"href":"https:\/\/www.sehnseits.de\/index.php?rest_route=%2Fwp%2Fv2%2Ftags&post=1617"}],"curies":[{"name":"wp","href":"https:\/\/api.w.org\/{rel}","templated":true}]}}